{"id":64871,"date":"2024-06-24T16:08:49","date_gmt":"2024-06-24T15:08:49","guid":{"rendered":"https:\/\/www.ateti.pt\/loja\/?post_type=product&#038;p=64871"},"modified":"2025-10-28T12:06:32","modified_gmt":"2025-10-28T12:06:32","slug":"adocante-comprimido-250un-de-0-12g-gourmes","status":"publish","type":"product","link":"https:\/\/www.ateti.pt\/loja\/produto\/adocante-comprimido-250un-de-0-12g-gourmes\/","title":{"rendered":"Ado\u00e7ante Comprimido 250un de 0,12g Gourm\u00eas"},"content":{"rendered":"<p>Ado\u00e7ante Comprimido Gourm\u00eas<\/p>\n<p><strong>Quantidade:\u00a0<\/strong>30g(250un X 12g)<\/p>\n<p>Edulcorante de mesa \u00e0 base de aspartame(28%) em comprimidos.<\/p>\n<p>Ingredientes: Dextrose, aspartame, estabilizador(CMC reticulada) e L-Leucina. Cont\u00e9m uma fonte de fenilalanina.<\/p>\n<p>Conservar em local fresco e seco.<\/p>\n<p>Condi\u00e7\u00f5es de utiliza\u00e7\u00e3o: Para ado\u00e7ar, no momento, ch\u00e1, caf\u00e9 e outras bebidas.<\/p>\n<p>Poder ado\u00e7ante: 1 saqueta(2comprimidos-0.12g) equivale e 1 saqueta de a\u00e7\u00facar(7g).<\/p>\n<p>Valores nutricionais por 100g: Energia: 1423kj\/336kcal; L\u00edpidos: 0g, dos quais saturados: 0g; Hidratos de Carbono: 80.7g, dos quais a\u00e7\u00facares: 55.1g; Fibra: 6.4g; Prote\u00ednas: 0g; Sal: 0.72g.<\/p>\n<p>Esta embalagem cont\u00e9m 250g saquetas, cada uma com 2 comprimidos.<\/p>\n<h3><strong>Benef\u00edcios de Utilizar ado\u00e7ante na sua bebida:<\/strong><\/h3>\n<div id=\"chunk-2jfep\">\n<div class=\"mc-column content-text active-extra-styles \" data-block-type=\"unstyled\" data-block-weight=\"7\" data-block-id=\"7\">\n<h4 class=\" content-text__container \" data-track-category=\"Link no Texto\" data-mrf-recirculation=\"Article links\"><strong>1. N\u00e3o contribui para o consumo cal\u00f3rico<\/strong><\/h4>\n<\/div>\n<\/div>\n<div id=\"chunk-3pkot\">\n<div class=\"mc-column content-text active-extra-styles \" data-block-type=\"unstyled\" data-block-weight=\"49\" data-block-id=\"8\">\n<p class=\" content-text__container \" data-track-category=\"Link no Texto\" data-track-links=\"\" data-mrf-recirculation=\"Article links\">Uma das principais vantagens do Ado\u00e7ante Comprimido Gourm\u00eas \u00e9 que ele cont\u00e9m uma quantidade de calorias muito mais baixa do que o a\u00e7\u00facar. Ou seja: n\u00e3o contribui para o consumo cal\u00f3rico, o que d\u00e1 uma for\u00e7a para quem est\u00e1 querendo perder peso.<\/p>\n<\/div>\n<\/div>\n<div id=\"chunk-6g2bf\">\n<div class=\"mc-column content-text active-extra-styles \" data-block-type=\"unstyled\" data-block-weight=\"9\" data-block-id=\"10\">\n<h4 class=\" content-text__container \" data-track-category=\"Link no Texto\" data-mrf-recirculation=\"Article links\"><strong>2. Ajuda a controlar n\u00edveis de a\u00e7\u00facar no sangue<\/strong><\/h4>\n<\/div>\n<\/div>\n<div id=\"chunk-4b6e2\">\n<div class=\"mc-column content-text active-extra-styles \" data-block-type=\"unstyled\" data-block-weight=\"47\" data-block-id=\"11\">\n<p class=\" content-text__container \" data-track-category=\"Link no Texto\" data-track-links=\"\" data-mrf-recirculation=\"Article links\">Quem tem diabetes pode encontrar nos ado\u00e7antes um aliado na hora das refei\u00e7\u00f5es. Isso porque eles ampliam as possibilidades gastron\u00f4micas de quem precisa controlar a quantidade de a\u00e7\u00facar que ingere. \u00c9 importante, claro, sempre procurar um profissional da sa\u00fade para entender o diagn\u00f3stico de cada um.<\/p>\n<\/div>\n<\/div>\n<div id=\"chunk-4ted6\">\n<div class=\"mc-column content-text active-extra-styles \" data-block-type=\"unstyled\" data-block-weight=\"6\" data-block-id=\"15\">\n<h4 class=\" content-text__container \" data-track-category=\"Link no Texto\" data-mrf-recirculation=\"Article links\"><strong>3. Cuidado com a sa\u00fade dental<\/strong><\/h4>\n<\/div>\n<\/div>\n<div id=\"chunk-fnab5\">\n<div class=\"mc-column content-text active-extra-styles \" data-block-type=\"unstyled\" data-block-weight=\"51\" data-block-id=\"17\">\n<p class=\" content-text__container \" data-track-category=\"Link no Texto\" data-track-links=\"\" data-mrf-recirculation=\"Article links\">Quando alimentos e bebidas adocicados com a\u00e7\u00facar s\u00e3o ingeridos, as bact\u00e9rias presentes na boca convertem esse a\u00e7\u00facar em \u00e1cido. Se o \u00e1cido n\u00e3o \u00e9 removido pela higieniza\u00e7\u00e3o, pode gastar o esmalte dos dentes, causando problemas. Como os ado\u00e7antes de baixa caloria n\u00e3o s\u00e3o ferment\u00e1veis, eles impedem que esse processo aconte\u00e7a.<\/p>\n<\/div>\n<\/div>\n<div id=\"chunk-8kh2j\">\n<div class=\"mc-column content-text active-extra-styles \" data-block-type=\"unstyled\" data-block-weight=\"6\" data-block-id=\"18\">\n<h4 class=\" content-text__container \" data-track-category=\"Link no Texto\" data-mrf-recirculation=\"Article links\"><strong>4. Preserva o sabor doce<\/strong><\/h4>\n<\/div>\n<\/div>\n<div id=\"chunk-klcd\">\n<div class=\"mc-column content-text active-extra-styles \" data-block-type=\"unstyled\" data-block-weight=\"77\" data-block-id=\"21\">\n<p class=\" content-text__container \" data-track-category=\"Link no Texto\" data-track-links=\"\" data-mrf-recirculation=\"Article links\">Em vez de cortar o a\u00e7\u00facar de vez e ter que encarar aquele suco \u00e1cido ou cafezinho amargo, que tal dar uma chance para os ado\u00e7antes? N\u00e3o \u00e9 por acaso que existem v\u00e1rios tipos no mercado: Sucralose, Stevia, Xilitol, Eritritol&#8230; Todos eles t\u00eam seus benef\u00edcios e ajudam a preservar o sabor adocicado do suco, do ch\u00e1, do caf\u00e9, e do que mais voc\u00ea quiser. Lembre-se apenas de fazer uso consciente do ado\u00e7ante, n\u00e3o use em excesso.<\/p>\n<\/div>\n<\/div>\n<div id=\"chunk-3j36g\">\n<div class=\"mc-column content-text active-extra-styles \" data-block-type=\"unstyled\" data-block-weight=\"6\" data-block-id=\"22\">\n<h4 class=\" content-text__container \" data-track-category=\"Link no Texto\" data-mrf-recirculation=\"Article links\"><strong>5. Estilo de vida mais tranquilo<\/strong><\/h4>\n<\/div>\n<\/div>\n<div id=\"chunk-7nkel\">\n<div class=\"mc-column content-text active-extra-styles \" data-block-type=\"unstyled\" data-block-weight=\"38\" data-block-id=\"24\">\n<p class=\" content-text__container \" data-track-category=\"Link no Texto\" data-track-links=\"\" data-mrf-recirculation=\"Article links\">Alguns estudos conclu\u00edram que algumas pessoas optam pelos ado\u00e7antes para evitar ingerir muito a\u00e7\u00facar processado, presente em alimentos industrializados. Assim, isso acaba se refletindo tamb\u00e9m na escolha de refei\u00e7\u00f5es mais saud\u00e1veis para completar o card\u00e1pio.<\/p>\n<\/div>\n<\/div>\n","protected":false},"excerpt":{"rendered":"<p>5.59\u20ac\/un<\/p>\n","protected":false},"featured_media":64872,"comment_status":"closed","ping_status":"closed","template":"","meta":{"_themeisle_gutenberg_block_has_review":false},"product_brand":[],"product_cat":[121,117,188,141,132],"product_tag":[],"woo-feed-brand":[],"class_list":{"0":"post-64871","1":"product","2":"type-product","3":"status-publish","4":"has-post-thumbnail","6":"product_cat-acessorios","7":"product_cat-cafe-em-capsula","8":"product_cat-farinhaeacucares","9":"product_cat-maquinas-e-acessorios","10":"product_cat-mercearia","11":"ts_product_brand-gourmes","13":"first","14":"instock","15":"taxable","16":"shipping-taxable","17":"purchasable","18":"product-type-simple"},"_links":{"self":[{"href":"https:\/\/www.ateti.pt\/loja\/wp-json\/wp\/v2\/product\/64871","targetHints":{"allow":["GET"]}}],"collection":[{"href":"https:\/\/www.ateti.pt\/loja\/wp-json\/wp\/v2\/product"}],"about":[{"href":"https:\/\/www.ateti.pt\/loja\/wp-json\/wp\/v2\/types\/product"}],"replies":[{"embeddable":true,"href":"https:\/\/www.ateti.pt\/loja\/wp-json\/wp\/v2\/comments?post=64871"}],"wp:featuredmedia":[{"embeddable":true,"href":"https:\/\/www.ateti.pt\/loja\/wp-json\/wp\/v2\/media\/64872"}],"wp:attachment":[{"href":"https:\/\/www.ateti.pt\/loja\/wp-json\/wp\/v2\/media?parent=64871"}],"wp:term":[{"taxonomy":"product_brand","embeddable":true,"href":"https:\/\/www.ateti.pt\/loja\/wp-json\/wp\/v2\/product_brand?post=64871"},{"taxonomy":"product_cat","embeddable":true,"href":"https:\/\/www.ateti.pt\/loja\/wp-json\/wp\/v2\/product_cat?post=64871"},{"taxonomy":"product_tag","embeddable":true,"href":"https:\/\/www.ateti.pt\/loja\/wp-json\/wp\/v2\/product_tag?post=64871"},{"taxonomy":"woo-feed-brand","embeddable":true,"href":"https:\/\/www.ateti.pt\/loja\/wp-json\/wp\/v2\/woo-feed-brand?post=64871"}],"curies":[{"name":"wp","href":"https:\/\/api.w.org\/{rel}","templated":true}]}}