{"id":50396,"date":"2023-03-28T12:09:40","date_gmt":"2023-03-28T11:09:40","guid":{"rendered":"https:\/\/www.ateti.pt\/loja\/?post_type=product&#038;p=50396"},"modified":"2026-04-22T11:35:45","modified_gmt":"2026-04-22T10:35:45","slug":"cerelac-40-acucares-900g-nestle","status":"publish","type":"product","link":"https:\/\/www.ateti.pt\/loja\/produto\/cerelac-40-acucares-900g-nestle\/","title":{"rendered":"Cerelac -40% A\u00e7\u00facares 900g Nestl\u00e9 (31-07-2026)"},"content":{"rendered":"<p><strong>Cerelac -40% A\u00e7\u00facares<\/strong><\/p>\n<p><strong>Quantidade:\u00a0<\/strong>900g<\/p>\n<p><strong>CERELAC Farinha L\u00e1ctea -40% a\u00e7\u00facares\u00a0<\/strong>\u00e9 uma papa infantil,\u00a0<strong>inspirada na receita de Farinha L\u00e1ctea<\/strong>, com menos a\u00e7\u00facares, mais cereais e um sabor delicioso. Especialmente desenvolvida para beb\u00e9s, \u00e9 a base ideal para uma alimenta\u00e7\u00e3o diversificada saud\u00e1vel. \u00c9 uma papa infantil de cereais<strong>\u00a0com gl\u00faten, para preparar com \u00e1gua,\u00a0<\/strong>que apresenta um valor nutricional adequado para alimenta\u00e7\u00e3o de beb\u00e9s\u00a0<strong>a partir dos 6 meses.<\/strong><\/p>\n<div>Oferece ao beb\u00e9 os benef\u00edcios dos cereais, fundamentais na alimenta\u00e7\u00e3o da pequena barriguinha do beb\u00e9. <strong>Cerelac -40% A\u00e7\u00facares<\/strong><strong>\u00a0\u00e9 Fabricada em Portugal!\u00a0<\/strong>(origem do trigo: UE)<\/div>\n<div>Apresenta uma textura suave, que ajuda o beb\u00e9 na passagem para a alimenta\u00e7\u00e3o \u00e0 colher, dando-lhe a conhecer novos sabores e novas consist\u00eancias.<\/div>\n<h4><strong>Alimento \u00e0 base de cereais especialmente selecionados e cultivados para a alimenta\u00e7\u00e3o infantil.<\/strong><\/h4>\n<div><strong>Benef\u00edcios:<\/strong><\/div>\n<ul>\n<li>Papa Infantil com Cereais, nutricionalmente completos e enriquecidos Ferro, Zinco, Vitaminas A, B1 e C.<\/li>\n<li>Cereais Hidrolisados Enzimaticamente, permitindo um sabor suave e uma prepara\u00e7\u00e3o r\u00e1pida, sem grumos.<\/li>\n<li>Mais de 70% dos valores de refer\u00eancia di\u00e1rios* de Ferro, que contribui para o desenvolvimento cognitivo normal das crian\u00e7as.<\/li>\n<li>32% do valor de refer\u00eancia di\u00e1rio* de Iodo, que contribui para o crescimento normal das crian\u00e7as.<\/li>\n<li>Com 40% menos a\u00e7\u00facares,\u00a0comparativamente com a receita atual de CERELAC Farinha L\u00e1ctea.<\/li>\n<li>Sabor \u00fanico e inconfund\u00edvel, a papa preferida dos portugueses!<\/li>\n<\/ul>\n<div class=\"field__item\">\n<div class=\"paragraph paragraph--type--titulo-paragrafo paragraph--view-mode--default\">\n<div class=\"titulo-paragrafo__field-titulo\">\n<p><strong>Ingredientes:<\/strong><\/p>\n<\/div>\n<div class=\"titulo-paragrafo__field-paragrafo\">\n<p>Farinha de\u00a0<strong>trigo\u00a0<\/strong>hidrolisada (35,9%),\u00a0<strong>leite\u00a0<\/strong>parcialmente desnatado (31,4%), farinha de\u00a0<strong>trigo\u00a0<\/strong>(26,7%), sacarose, \u00f3leo de girassol, subst\u00e2ncias minerais (carbonato de c\u00e1lcio, fumarato ferroso, sulfato de zinco, iodeto de pot\u00e1ssio), vitaminas (C, PP, E, B1, \u00e1cido pantot\u00e9nico, A, B6, K, \u00e1cido f\u00f3lico, biotina, D), aroma (vanilina).<\/p>\n<p><strong>Este produto cont\u00e9m gl\u00faten.<\/strong><\/p>\n<p><strong>N\u00e3o indicado para beb\u00e9s com alergia \u00e0s prote\u00ednas do leite de vaca.<\/strong><\/p>\n<\/div>\n<\/div>\n<\/div>\n<div class=\"field__item\">\n<div class=\"paragraph paragraph--type--titulo-paragrafo paragraph--view-mode--default\">\n<div class=\"titulo-paragrafo__field-titulo\">\n<p><strong>Prepara\u00e7\u00e3o:<\/strong><\/p>\n<\/div>\n<div class=\"titulo-paragrafo__field-paragrafo\">\n<p><strong>1.\u00a0<\/strong>Lave bem as m\u00e3os antes de preparar a papa do beb\u00e9 e assegure-se que todos os utens\u00edlios est\u00e3o devidamente lavados.<strong>\u00a0<\/strong><\/p>\n<p><strong>2.<\/strong>\u00a0Ferva \u00e1gua pot\u00e1vel durante 5 minutos. Deixe arrefecer (40\u00baC). Deite 150ml na ta\u00e7a do beb\u00e9.<\/p>\n<p><strong>3.<\/strong>\u00a0Adicione 50g ou 9 colheres de sopa rasas de CERELAC Farinha L\u00e1ctea 40% menos a\u00e7\u00facares.<strong>\u00a0<\/strong><\/p>\n<p><strong>4.\u00a0<\/strong>Mexa com um garfo at\u00e9 obter uma papa homog\u00e9nea. D\u00ea de imediato ao beb\u00e9, utilizando uma colher limpa.<\/p>\n<\/div>\n<\/div>\n<\/div>\n<div class=\"field__item\">\n<div class=\"paragraph paragraph--type--titulo-paragrafo paragraph--view-mode--default\">\n<div class=\"titulo-paragrafo__field-titulo\">\n<p><strong>Conserva\u00e7\u00e3o: <\/strong>n\u00e3o guarde a papa que o beb\u00e9 n\u00e3o consumiu. Feche bem a saqueta ap\u00f3s a utiliza\u00e7\u00e3o e guarde num local fresco e seco n\u00e3o mais de tr\u00eas semanas ap\u00f3s a abertura.<\/p>\n<p>Veja mais em <a href=\"https:\/\/www.ateti.pt\/loja\/categoria\/bebe-crianca\/alimentacao\/\">Beb\u00e9 e Crian\u00e7a<\/a><\/p>\n<\/div>\n<\/div>\n<\/div>\n","protected":false},"excerpt":{"rendered":"<p>9.77\u20ac\/kg<\/p>\n","protected":false},"featured_media":50398,"comment_status":"closed","ping_status":"closed","template":"","meta":{"_themeisle_gutenberg_block_has_review":false},"product_brand":[],"product_cat":[226,214,144,132,145,265],"product_tag":[],"woo-feed-brand":[],"class_list":{"0":"post-50396","1":"product","2":"type-product","3":"status-publish","4":"has-post-thumbnail","6":"product_cat-alimentacao","7":"product_cat-bebe-crianca","8":"product_cat-chocolates-biscoitos-e-cereais","9":"product_cat-mercearia","10":"product_cat-pequeno-almoco-e-cereais","11":"product_cat-promocoes-outlet-ate-50-desconto-supermercado-online-ate-ti","12":"ts_product_brand-nestle","14":"first","15":"instock","16":"sale","17":"taxable","18":"shipping-taxable","19":"purchasable","20":"product-type-simple"},"_links":{"self":[{"href":"https:\/\/www.ateti.pt\/loja\/wp-json\/wp\/v2\/product\/50396","targetHints":{"allow":["GET"]}}],"collection":[{"href":"https:\/\/www.ateti.pt\/loja\/wp-json\/wp\/v2\/product"}],"about":[{"href":"https:\/\/www.ateti.pt\/loja\/wp-json\/wp\/v2\/types\/product"}],"replies":[{"embeddable":true,"href":"https:\/\/www.ateti.pt\/loja\/wp-json\/wp\/v2\/comments?post=50396"}],"wp:featuredmedia":[{"embeddable":true,"href":"https:\/\/www.ateti.pt\/loja\/wp-json\/wp\/v2\/media\/50398"}],"wp:attachment":[{"href":"https:\/\/www.ateti.pt\/loja\/wp-json\/wp\/v2\/media?parent=50396"}],"wp:term":[{"taxonomy":"product_brand","embeddable":true,"href":"https:\/\/www.ateti.pt\/loja\/wp-json\/wp\/v2\/product_brand?post=50396"},{"taxonomy":"product_cat","embeddable":true,"href":"https:\/\/www.ateti.pt\/loja\/wp-json\/wp\/v2\/product_cat?post=50396"},{"taxonomy":"product_tag","embeddable":true,"href":"https:\/\/www.ateti.pt\/loja\/wp-json\/wp\/v2\/product_tag?post=50396"},{"taxonomy":"woo-feed-brand","embeddable":true,"href":"https:\/\/www.ateti.pt\/loja\/wp-json\/wp\/v2\/woo-feed-brand?post=50396"}],"curies":[{"name":"wp","href":"https:\/\/api.w.org\/{rel}","templated":true}]}}