{"id":16880,"date":"2020-05-19T10:56:13","date_gmt":"2020-05-19T09:56:13","guid":{"rendered":"https:\/\/www.ateti.pt\/loja\/?post_type=product&#038;p=16880"},"modified":"2026-04-22T15:20:44","modified_gmt":"2026-04-22T14:20:44","slug":"detergente-liquido-lavanda-persil-60-doses","status":"publish","type":"product","link":"https:\/\/www.ateti.pt\/loja\/produto\/detergente-liquido-lavanda-persil-60-doses\/","title":{"rendered":"Detergente L\u00edquido Lavanda 60 Doses Persil"},"content":{"rendered":"<p><strong>Detergente L\u00edquido Lavanda Persil<\/strong><\/p>\n<p>Quantidade: 60D<\/p>\n<p><strong>Descri\u00e7\u00e3o:\u00a0<\/strong>Uma alternativa em gel para uma lavagem completa e frescura prolongada a Lavanda.<\/p>\n<p>Persil Lavanda Gel com tecnologia Limpeza Ativa penetra no interior das fibras removendo at\u00e9 as n\u00f3doas mais dif\u00edceis, proporcionando um perfume agrad\u00e1vel \u00e1 sua roupa. Tudo isto, garantindo o cuidado dos tecidos e a frescura duradoura de Persil.<\/p>\n<p><strong>Benef\u00edcios:\u00a0<\/strong><\/p>\n<ul>\n<li class=\"title__hl--h3\">\u00a0Penetra em profundidade na fibra para remover mesmo as n\u00f3doas mais resistentes.<\/li>\n<li>\n<p class=\"title__hl--h3\">Proporciona uma maravilhosa sensa\u00e7\u00e3o de frescura de ver\u00e3o \u00e0 sua roupa com o aroma duradouro da lavanda.<\/p>\n<\/li>\n<li>\n<p class=\"title__hl--h3\">Proporciona uma sensa\u00e7\u00e3o de frescura duradoura e agrad\u00e1vel \u00e0 sua roupa.<\/p>\n<\/li>\n<li>\n<p class=\"title__hl--h3\">Apesar da sua a\u00e7\u00e3o poderosa de limpeza, \u00e9 delicado com os tecidos.<\/p>\n<\/li>\n<li>\n<p class=\"title__hl--h3\">Mais sustent\u00e1vel: menos desperd\u00edcio de pl\u00e1stico, menos petr\u00f3leo, menos \u00e1gua, menos energia e menos CO2.<\/p>\n<\/li>\n<\/ul>\n<p><strong>Como Dosear:\u00a0<\/strong><\/p>\n<div class=\"accordiontile textimage\">\n<div class=\"accordiontile__base\">\n<div class=\"accordiontile__header\">\n<div class=\"accordiontile__title\">\n<div class=\"title__base atomic-width-control--component\">\n<p class=\"title__hl--h3\">Para m\u00e1quinas de roupa entre 4 a 5 kg e com \u00e1gua de dureza m\u00e9dia.<\/p>\n<\/div>\n<\/div>\n<\/div>\n<\/div>\n<\/div>\n<div class=\"accordiontile__base\">\n<div class=\"accordiontile__header\">\n<div class=\"accordiontile__title\">\n<div class=\"title__base atomic-width-control--component\">\n<p class=\"title__hl--h4\"><strong>50ml,<\/strong> para sujidade normal<\/p>\n<\/div>\n<\/div>\n<\/div>\n<\/div>\n<div class=\"accordiontile__base\">\n<div class=\"accordiontile__header\">\n<div class=\"accordiontile__img\">\n<div class=\"image__base image--hfit image--loaded\" data-components=\"Image\" data-component-param-image=\"{&quot;src&quot;:&quot;https:\/\/dm.henkel-dam.com\/is\/image\/henkel\/lp17_dosage-icon-gel-medium_1-1-ratio&quot;,&quot;servletParams&quot;:{&quot;qlt&quot;:&quot;90&quot;,&quot;fit&quot;:&quot;hfit&quot;,&quot;fmt&quot;:&quot;&quot;,&quot;align&quot;:&quot;&quot;},&quot;mobileSource&quot;:&quot;https:\/\/dm.henkel-dam.com\/is\/image\/henkel\/lp17_dosage-icon-gel-medium_1-1-ratio&quot;,&quot;renditions&quot;:null,&quot;lazyEnabled&quot;:true}\"><strong>75ml,<\/strong> para sujidade dif\u00edcil<\/div>\n<div data-components=\"Image\" data-component-param-image=\"{&quot;src&quot;:&quot;https:\/\/dm.henkel-dam.com\/is\/image\/henkel\/lp17_dosage-icon-gel-medium_1-1-ratio&quot;,&quot;servletParams&quot;:{&quot;qlt&quot;:&quot;90&quot;,&quot;fit&quot;:&quot;hfit&quot;,&quot;fmt&quot;:&quot;&quot;,&quot;align&quot;:&quot;&quot;},&quot;mobileSource&quot;:&quot;https:\/\/dm.henkel-dam.com\/is\/image\/henkel\/lp17_dosage-icon-gel-medium_1-1-ratio&quot;,&quot;renditions&quot;:null,&quot;lazyEnabled&quot;:true}\"><\/div>\n<\/div>\n<\/div>\n<div data-components=\"Image\" data-component-param-image=\"{&quot;src&quot;:&quot;https:\/\/dm.henkel-dam.com\/is\/image\/henkel\/lp17_dosage-icon-gel-medium_1-1-ratio&quot;,&quot;servletParams&quot;:{&quot;qlt&quot;:&quot;90&quot;,&quot;fit&quot;:&quot;hfit&quot;,&quot;fmt&quot;:&quot;&quot;,&quot;align&quot;:&quot;&quot;},&quot;mobileSource&quot;:&quot;https:\/\/dm.henkel-dam.com\/is\/image\/henkel\/lp17_dosage-icon-gel-medium_1-1-ratio&quot;,&quot;renditions&quot;:null,&quot;lazyEnabled&quot;:true}\">Veja mais em\u00a0 <a href=\"https:\/\/www.ateti.pt\/loja\/categoria\/higiene-e-limpeza\/limpeza\/\">Limpeza<\/a><\/div>\n<\/div>\n","protected":false},"excerpt":{"rendered":"<p>0.20\u20ac\/dose<\/p>\n","protected":false},"featured_media":15544,"comment_status":"closed","ping_status":"closed","template":"","meta":{"_themeisle_gutenberg_block_has_review":false},"product_brand":[],"product_cat":[190,204,208],"product_tag":[],"woo-feed-brand":[],"class_list":{"0":"post-16880","1":"product","2":"type-product","3":"status-publish","4":"has-post-thumbnail","6":"product_cat-desinfetantes-e-limpeza","7":"product_cat-limpeza","8":"product_cat-roupa","9":"ts_product_brand-persil","11":"first","12":"instock","13":"taxable","14":"shipping-taxable","15":"purchasable","16":"product-type-simple"},"_links":{"self":[{"href":"https:\/\/www.ateti.pt\/loja\/wp-json\/wp\/v2\/product\/16880","targetHints":{"allow":["GET"]}}],"collection":[{"href":"https:\/\/www.ateti.pt\/loja\/wp-json\/wp\/v2\/product"}],"about":[{"href":"https:\/\/www.ateti.pt\/loja\/wp-json\/wp\/v2\/types\/product"}],"replies":[{"embeddable":true,"href":"https:\/\/www.ateti.pt\/loja\/wp-json\/wp\/v2\/comments?post=16880"}],"wp:featuredmedia":[{"embeddable":true,"href":"https:\/\/www.ateti.pt\/loja\/wp-json\/wp\/v2\/media\/15544"}],"wp:attachment":[{"href":"https:\/\/www.ateti.pt\/loja\/wp-json\/wp\/v2\/media?parent=16880"}],"wp:term":[{"taxonomy":"product_brand","embeddable":true,"href":"https:\/\/www.ateti.pt\/loja\/wp-json\/wp\/v2\/product_brand?post=16880"},{"taxonomy":"product_cat","embeddable":true,"href":"https:\/\/www.ateti.pt\/loja\/wp-json\/wp\/v2\/product_cat?post=16880"},{"taxonomy":"product_tag","embeddable":true,"href":"https:\/\/www.ateti.pt\/loja\/wp-json\/wp\/v2\/product_tag?post=16880"},{"taxonomy":"woo-feed-brand","embeddable":true,"href":"https:\/\/www.ateti.pt\/loja\/wp-json\/wp\/v2\/woo-feed-brand?post=16880"}],"curies":[{"name":"wp","href":"https:\/\/api.w.org\/{rel}","templated":true}]}}