{"id":15361,"date":"2020-04-29T12:05:47","date_gmt":"2020-04-29T12:05:47","guid":{"rendered":"https:\/\/www.ateti.pt\/loja\/?post_type=product&#038;p=15361"},"modified":"2025-02-17T15:32:52","modified_gmt":"2025-02-17T15:32:52","slug":"corn-flakes-zero-nacional-375-gr","status":"publish","type":"product","link":"https:\/\/www.ateti.pt\/loja\/produto\/corn-flakes-zero-nacional-375-gr\/","title":{"rendered":"Corn Flakes Zero Nacional 375g"},"content":{"rendered":"<p><strong>Corn Flakes Zero Nacional<\/strong><\/p>\n<p><strong>Quantidade:<\/strong> 375g<\/p>\n<p>Produzidos a partir de uma rigorosa sele\u00e7\u00e3o de milho, sem qualquer adi\u00e7\u00e3o de a\u00e7\u00facar, num processo tradicional que garante toda a autenticidade do sabor. Os Cereais Zero da Nacional apresentam baixo teor de gordura, para quem n\u00e3o dispensa uma alimenta\u00e7\u00e3o equilibrada.<\/p>\n<p>Ricos em vitaminas do complexo B (vitaminas B1, B2, B3, B5, B12, B9, B8h e B6) e ferro, uma escolha naturalmente saborosa e estaladi\u00e7a para o seu pequeno-almo\u00e7o.<\/p>\n<p><a href=\"https:\/\/www.ateti.pt\/loja\/wp-content\/uploads\/2020\/04\/R\u00f3tulo_Cereais_Zero_Nacional.jpg\">\u00a0<\/a><\/p>\n<table id=\"table_nutricional\" border=\"0\" cellspacing=\"0\" cellpadding=\"0\">\n<tbody>\n<tr>\n<th colspan=\"7\" scope=\"col\" align=\"left\" valign=\"middle\">Declara\u00e7\u00e3o nutricional<\/th>\n<\/tr>\n<tr class=\"tablehead\">\n<td align=\"left\" valign=\"middle\">Valores m\u00e9dios:<\/td>\n<td colspan=\"2\" align=\"center\" valign=\"middle\">Por 100g<\/td>\n<td align=\"center\" valign=\"middle\">%DR*<\/td>\n<td colspan=\"2\" align=\"center\" valign=\"middle\">Por por\u00e7\u00e3o (30g de produto<br \/>\n+ 125ml leite %gordo)<\/td>\n<td align=\"center\" valign=\"middle\">%DR*<\/td>\n<\/tr>\n<tr>\n<td align=\"left\" valign=\"middle\">Energia<\/td>\n<td align=\"right\" valign=\"middle\">1612<\/td>\n<td align=\"left\" valign=\"middle\">kJ<\/td>\n<td align=\"center\" valign=\"middle\">19%<\/td>\n<td align=\"right\" valign=\"middle\">728<\/td>\n<td align=\"left\" valign=\"middle\">kJ<\/td>\n<td align=\"center\" valign=\"middle\">9%<\/td>\n<\/tr>\n<tr class=\"separador\">\n<td align=\"left\" valign=\"middle\"><\/td>\n<td align=\"right\" valign=\"middle\">380<\/td>\n<td align=\"left\" valign=\"middle\">kcal<\/td>\n<td align=\"center\" valign=\"middle\"><\/td>\n<td align=\"right\" valign=\"middle\">173<\/td>\n<td align=\"left\" valign=\"middle\">kcal<\/td>\n<td align=\"center\" valign=\"middle\"><\/td>\n<\/tr>\n<tr>\n<td align=\"left\" valign=\"middle\">L\u00edpidos<\/td>\n<td align=\"right\" valign=\"middle\">1,0<\/td>\n<td align=\"left\" valign=\"middle\">g<\/td>\n<td align=\"center\" valign=\"middle\">1%<\/td>\n<td align=\"right\" valign=\"middle\">2,3<\/td>\n<td align=\"left\" valign=\"middle\">g<\/td>\n<td align=\"center\" valign=\"middle\">3%<\/td>\n<\/tr>\n<tr class=\"separador\">\n<td align=\"left\" valign=\"middle\">dos quais saturados<\/td>\n<td align=\"right\" valign=\"middle\">0,6<\/td>\n<td align=\"left\" valign=\"middle\">g<\/td>\n<td align=\"center\" valign=\"middle\">3%<\/td>\n<td align=\"right\" valign=\"middle\">1,3<\/td>\n<td align=\"left\" valign=\"middle\">g<\/td>\n<td align=\"center\" valign=\"middle\">6%<\/td>\n<\/tr>\n<tr>\n<td align=\"left\" valign=\"middle\">Hidratos de carbono<\/td>\n<td align=\"right\" valign=\"middle\">84<\/td>\n<td align=\"left\" valign=\"middle\">g<\/td>\n<td align=\"center\" valign=\"middle\">32%<\/td>\n<td align=\"right\" valign=\"middle\">31<\/td>\n<td align=\"left\" valign=\"middle\">g<\/td>\n<td align=\"center\" valign=\"middle\">12%<\/td>\n<\/tr>\n<tr class=\"separador\">\n<td align=\"left\" valign=\"middle\">dos quais a\u00e7\u00facares<\/td>\n<td align=\"right\" valign=\"middle\">0,8<\/td>\n<td align=\"left\" valign=\"middle\">g<\/td>\n<td align=\"center\" valign=\"middle\">1%<\/td>\n<td align=\"right\" valign=\"middle\">6<\/td>\n<td align=\"left\" valign=\"middle\">g<\/td>\n<td align=\"center\" valign=\"middle\">7%<\/td>\n<\/tr>\n<tr class=\"separador\">\n<td align=\"left\" valign=\"middle\">Fibra<\/td>\n<td align=\"right\" valign=\"middle\">2,8<\/td>\n<td align=\"left\" valign=\"middle\">g<\/td>\n<td align=\"center\" valign=\"middle\">\u2014<\/td>\n<td align=\"right\" valign=\"middle\">0,8<\/td>\n<td align=\"left\" valign=\"middle\">g<\/td>\n<td align=\"center\" valign=\"middle\">\u2014<\/td>\n<\/tr>\n<tr class=\"separador\">\n<td align=\"left\" valign=\"middle\">Prote\u00ednas<\/td>\n<td align=\"right\" valign=\"middle\">7,3<\/td>\n<td align=\"left\" valign=\"middle\">g<\/td>\n<td align=\"center\" valign=\"middle\">15%<\/td>\n<td align=\"right\" valign=\"middle\">6,3<\/td>\n<td align=\"left\" valign=\"middle\">g<\/td>\n<td align=\"center\" valign=\"middle\">13%<\/td>\n<\/tr>\n<tr class=\"separadorfinal\">\n<td align=\"left\" valign=\"middle\">Sal<\/td>\n<td align=\"right\" valign=\"middle\">1,8<\/td>\n<td align=\"left\" valign=\"middle\">g<\/td>\n<td align=\"center\" valign=\"middle\">30%<\/td>\n<td align=\"right\" valign=\"middle\">0,54<\/td>\n<td align=\"left\" valign=\"middle\">g<\/td>\n<td align=\"center\" valign=\"middle\">9%<\/td>\n<\/tr>\n<\/tbody>\n<\/table>\n<p>Veja mais em <a href=\"https:\/\/www.ateti.pt\/loja\/categoria\/mercearia\/chocolates-biscoitos-e-cereais\/pequeno-almoco-e-cereais\/\">Pequeno-almo\u00e7o e Cereais<\/a><\/p>\n<p>&nbsp;<\/p>\n","protected":false},"excerpt":{"rendered":"<p>5.84\u20ac\/kg<\/p>\n","protected":false},"featured_media":57173,"comment_status":"closed","ping_status":"closed","template":"","meta":{"_themeisle_gutenberg_block_has_review":false},"product_brand":[],"product_cat":[144,132,145],"product_tag":[],"woo-feed-brand":[],"class_list":{"0":"post-15361","1":"product","2":"type-product","3":"status-publish","4":"has-post-thumbnail","6":"product_cat-chocolates-biscoitos-e-cereais","7":"product_cat-mercearia","8":"product_cat-pequeno-almoco-e-cereais","9":"ts_product_brand-nacional","11":"first","12":"instock","13":"taxable","14":"shipping-taxable","15":"purchasable","16":"product-type-simple"},"_links":{"self":[{"href":"https:\/\/www.ateti.pt\/loja\/wp-json\/wp\/v2\/product\/15361","targetHints":{"allow":["GET"]}}],"collection":[{"href":"https:\/\/www.ateti.pt\/loja\/wp-json\/wp\/v2\/product"}],"about":[{"href":"https:\/\/www.ateti.pt\/loja\/wp-json\/wp\/v2\/types\/product"}],"replies":[{"embeddable":true,"href":"https:\/\/www.ateti.pt\/loja\/wp-json\/wp\/v2\/comments?post=15361"}],"wp:featuredmedia":[{"embeddable":true,"href":"https:\/\/www.ateti.pt\/loja\/wp-json\/wp\/v2\/media\/57173"}],"wp:attachment":[{"href":"https:\/\/www.ateti.pt\/loja\/wp-json\/wp\/v2\/media?parent=15361"}],"wp:term":[{"taxonomy":"product_brand","embeddable":true,"href":"https:\/\/www.ateti.pt\/loja\/wp-json\/wp\/v2\/product_brand?post=15361"},{"taxonomy":"product_cat","embeddable":true,"href":"https:\/\/www.ateti.pt\/loja\/wp-json\/wp\/v2\/product_cat?post=15361"},{"taxonomy":"product_tag","embeddable":true,"href":"https:\/\/www.ateti.pt\/loja\/wp-json\/wp\/v2\/product_tag?post=15361"},{"taxonomy":"woo-feed-brand","embeddable":true,"href":"https:\/\/www.ateti.pt\/loja\/wp-json\/wp\/v2\/woo-feed-brand?post=15361"}],"curies":[{"name":"wp","href":"https:\/\/api.w.org\/{rel}","templated":true}]}}