{"id":14770,"date":"2021-08-05T16:28:14","date_gmt":"2021-08-05T15:28:14","guid":{"rendered":"https:\/\/www.ateti.pt\/loja\/?post_type=product&#038;p=14770"},"modified":"2024-08-27T12:26:42","modified_gmt":"2024-08-27T11:26:42","slug":"bebida-avela-1lt-alpro","status":"publish","type":"product","link":"https:\/\/www.ateti.pt\/loja\/produto\/bebida-avela-1lt-alpro\/","title":{"rendered":"Bebida Vegetal de Avel\u00e3 1L Alpro"},"content":{"rendered":"<p><strong>Bebida de Avel\u00e3 Alpro<\/strong><\/p>\n<p>Quantidade: 1L<\/p>\n<p><strong>Ingredientes:\u00a0<\/strong>\u00e1gua, avel\u00e3s (2,8%), a\u00e7\u00facar, fosfato tric\u00e1lcio, sal marinho, estabilizadores (goma de alfarroba, goma gelana), emulsionante (lecitinas (girassol)), vitaminas (B2, B12, E, D2). Pode conter vest\u00edgios de frutos de casca rija (n\u00e3o inclui amendoins), Sem lactic\u00ednios e gl\u00faten. Naturalmente isente de lactose.<\/p>\n<p><strong>Declara\u00e7\u00e3o Nutricional ( por 100ml):\u00a0<\/strong>Energia: 122kj\/29kcal; L\u00edpidos: 1,6g; dos quais Saturados: 0,2g; Hidratos de Carbono: 3,2g; dos quais A\u00e7\u00facares: 3,2g; Fibra: 0,3g; Prote\u00ednas: 0,4g; Sal: 0,14g.<\/p>\n<p>Fonte de c\u00e1lcio. Fonte de vitaminas B2, B12, D, E. Naturalmente baixa em gorduras saturadas.<\/p>\n","protected":false},"excerpt":{"rendered":"<p>2.49\u20ac\/lt<\/p>\n","protected":false},"featured_media":32622,"comment_status":"closed","ping_status":"closed","template":"","meta":{"_themeisle_gutenberg_block_has_review":false},"product_brand":[],"product_cat":[158,205,207,891,219],"product_tag":[],"woo-feed-brand":[],"class_list":{"0":"post-14770","1":"product","2":"type-product","3":"status-publish","4":"has-post-thumbnail","6":"product_cat-bebidas","7":"product_cat-bebidas-vegetais","8":"product_cat-bio-saudavel","9":"product_cat-iva-zero","10":"product_cat-sem-lactose","11":"ts_product_brand-alpro","13":"first","14":"instock","15":"taxable","16":"shipping-taxable","17":"purchasable","18":"product-type-simple"},"_links":{"self":[{"href":"https:\/\/www.ateti.pt\/loja\/wp-json\/wp\/v2\/product\/14770","targetHints":{"allow":["GET"]}}],"collection":[{"href":"https:\/\/www.ateti.pt\/loja\/wp-json\/wp\/v2\/product"}],"about":[{"href":"https:\/\/www.ateti.pt\/loja\/wp-json\/wp\/v2\/types\/product"}],"replies":[{"embeddable":true,"href":"https:\/\/www.ateti.pt\/loja\/wp-json\/wp\/v2\/comments?post=14770"}],"wp:featuredmedia":[{"embeddable":true,"href":"https:\/\/www.ateti.pt\/loja\/wp-json\/wp\/v2\/media\/32622"}],"wp:attachment":[{"href":"https:\/\/www.ateti.pt\/loja\/wp-json\/wp\/v2\/media?parent=14770"}],"wp:term":[{"taxonomy":"product_brand","embeddable":true,"href":"https:\/\/www.ateti.pt\/loja\/wp-json\/wp\/v2\/product_brand?post=14770"},{"taxonomy":"product_cat","embeddable":true,"href":"https:\/\/www.ateti.pt\/loja\/wp-json\/wp\/v2\/product_cat?post=14770"},{"taxonomy":"product_tag","embeddable":true,"href":"https:\/\/www.ateti.pt\/loja\/wp-json\/wp\/v2\/product_tag?post=14770"},{"taxonomy":"woo-feed-brand","embeddable":true,"href":"https:\/\/www.ateti.pt\/loja\/wp-json\/wp\/v2\/woo-feed-brand?post=14770"}],"curies":[{"name":"wp","href":"https:\/\/api.w.org\/{rel}","templated":true}]}}