{"id":14525,"date":"2020-04-21T09:08:45","date_gmt":"2020-04-21T08:08:45","guid":{"rendered":"https:\/\/www.ateti.pt\/loja\/?post_type=product&#038;p=14525"},"modified":"2026-01-19T13:07:15","modified_gmt":"2026-01-19T13:07:15","slug":"brocolo-emb-2-5kg-frip","status":"publish","type":"product","link":"https:\/\/www.ateti.pt\/loja\/produto\/brocolo-emb-2-5kg-frip\/","title":{"rendered":"Br\u00f3colo Congelado Saco 2Kg Frip"},"content":{"rendered":"<p><strong>Br\u00f3colo Frip\u00a0<\/strong><\/p>\n<p><strong>Quantidade:<\/strong> 2.5Kg<\/p>\n<p>O br\u00f3colo \u00e9 uma planta cruc\u00edfera que pertence \u00e0 fam\u00edlia <em>Brassicaceae<\/em>. Este vegetal, al\u00e9m de possui poucas calorias (25 calorias em 100 gramas), \u00e9 cientificamente conhecido por possuir altas concentra\u00e7\u00f5es de sulforafanos. Alguns estudos cient\u00edficos indicam que estes compostos poderiam ajudar a prevenir altera\u00e7\u00f5es celulares potencialmente cancer\u00edgenas, al\u00e9m de estarem associados a um menor risco de infarto do mioc\u00e1rdio.<\/p>\n<p>A melhor forma de consumir o br\u00f3colo \u00e9 por meio das suas folhas e talos cozidos ao vapor durante cerca de 20 minutos para evitar a perda de vitamina C. Tamb\u00e9m \u00e9 poss\u00edvel consumi-lo cru em saladas e em sumos. Consumir esse vegetal regularmente ajuda a melhorar o sistema imune e aliviar a pris\u00e3o de ventre.<\/p>\n<h4>Benef\u00edcios dos Br\u00f3colos:<\/h4>\n<p>1. Reduz o colesterol<\/p>\n<p>2. Previne contra doen\u00e7as cardiovasculares<\/p>\n<p>3. Facilita a digest\u00e3o<\/p>\n<p>4. Evita a pris\u00e3o de ventre<\/p>\n<p>5. Protege os olhos<\/p>\n<p>6. Previne problemas nas articula\u00e7\u00f5es<\/p>\n<p>7. Aumenta as defesas do organismo<\/p>\n<p>8. Evita o surgimento de c\u00e2ncer<\/p>\n<h4>Valores nutricionais<\/h4>\n<div class=\"table-responsive\">\n<table border=\"1\" cellspacing=\"1\" cellpadding=\"1\">\n<tbody>\n<tr>\n<td><strong>Componentes<\/strong><\/td>\n<td><strong>Quantidade em 100 g de br\u00f3colo cru<\/strong><\/td>\n<td><strong>Quantidade em 100 g de br\u00f3colo<\/strong><strong> cozido<\/strong><\/td>\n<\/tr>\n<tr>\n<td>Calorias<\/td>\n<td>25 Kcal<\/td>\n<td>25 Kcal<\/td>\n<\/tr>\n<tr>\n<td>Gordura<\/td>\n<td>0,30 g<\/td>\n<td>0,20 g<\/td>\n<\/tr>\n<tr>\n<td>Carboidratos<\/td>\n<td>5,50 g<\/td>\n<td>5,50 g<\/td>\n<\/tr>\n<tr>\n<td>Prote\u00ednas<\/td>\n<td>3,6 g<\/td>\n<td>2,1 g<\/td>\n<\/tr>\n<tr>\n<td>Fibras<\/td>\n<td>2,9 g<\/td>\n<td>3,4 g<\/td>\n<\/tr>\n<tr>\n<td>C\u00e1lcio<\/td>\n<td>86 g<\/td>\n<td>51 g<\/td>\n<\/tr>\n<tr>\n<td>Magn\u00e9sio<\/td>\n<td>30 g<\/td>\n<td>15 g<\/td>\n<\/tr>\n<tr>\n<td>F\u00f3sforo<\/td>\n<td>13 g<\/td>\n<td>28 g<\/td>\n<\/tr>\n<tr>\n<td>Ferro<\/td>\n<td>0,5 g<\/td>\n<td>0,2 g<\/td>\n<\/tr>\n<tr>\n<td>S\u00f3dio<\/td>\n<td>14 mg<\/td>\n<td>3 mg<\/td>\n<\/tr>\n<tr>\n<td>Pot\u00e1ssio<\/td>\n<td>425 mg<\/td>\n<td>315 mg<\/td>\n<\/tr>\n<tr>\n<td>Vitamina C<\/td>\n<td>6,5 mg<\/td>\n<td>5,1 mg<\/td>\n<\/tr>\n<\/tbody>\n<\/table>\n<\/div>\n<p>Sugest\u00e3o de receita<\/p>\n<h5>Gratinado de br\u00f3colos<\/h5>\n<p><strong>Ingredientes:<\/strong><\/p>\n<ul class=\"wpurp-recipe-ingredient-container\">\n<li class=\"wpurp-recipe-ingredient\"><span class=\"wpurp-recipe-ingredient-quantity\" data-normalized=\"800\" data-fraction=\"\" data-original=\"800\">800<\/span>\u00a0<span class=\"wpurp-recipe-ingredient-unit\" data-original=\"g\">g<\/span>\u00a0<span class=\"wpurp-recipe-ingredient-name\">de br\u00f3colo Frip<\/span><\/li>\n<li class=\"wpurp-recipe-ingredient\"><span class=\"wpurp-recipe-ingredient-name\">Sal e pimenta q.b.<\/span><\/li>\n<li class=\"wpurp-recipe-ingredient\"><span class=\"wpurp-recipe-ingredient-quantity\" data-normalized=\"50\" data-fraction=\"\" data-original=\"50\">50<\/span>\u00a0<span class=\"wpurp-recipe-ingredient-unit\" data-original=\"g\">g<\/span>\u00a0<span class=\"wpurp-recipe-ingredient-name\">de margarina<\/span><\/li>\n<li class=\"wpurp-recipe-ingredient\"><span class=\"wpurp-recipe-ingredient-quantity\" data-normalized=\"100\" data-fraction=\"\" data-original=\"100\">100<\/span>\u00a0<span class=\"wpurp-recipe-ingredient-unit\" data-original=\"g\">g<\/span>\u00a0<span class=\"wpurp-recipe-ingredient-name\">de farinha<\/span><\/li>\n<li class=\"wpurp-recipe-ingredient\"><span class=\"wpurp-recipe-ingredient-quantity\" data-normalized=\"5\" data-fraction=\"\" data-original=\"5\">5<\/span>\u00a0<span class=\"wpurp-recipe-ingredient-unit\" data-original=\"dl\">dl<\/span>\u00a0<span class=\"wpurp-recipe-ingredient-name\">de\u00a0 leite<\/span><\/li>\n<li class=\"wpurp-recipe-ingredient\"><span class=\"wpurp-recipe-ingredient-name\">Noz-moscada q.b.<\/span><\/li>\n<li class=\"wpurp-recipe-ingredient\"><span class=\"wpurp-recipe-ingredient-quantity\" data-normalized=\"120\" data-fraction=\"\" data-original=\"120\">120<\/span>\u00a0<span class=\"wpurp-recipe-ingredient-unit\" data-original=\"g\">g<\/span>\u00a0<span class=\"wpurp-recipe-ingredient-name\">de queijo ralado<\/span><\/li>\n<\/ul>\n<p><strong>Prepara\u00e7\u00e3o:<\/strong><\/p>\n<ol class=\"wpurp-recipe-instruction-container\">\n<li class=\"wpurp-recipe-instruction\">\n<div class=\"wpurp-rows\">\n<div class=\"wpurp-rows-row\"><span class=\"wpurp-recipe-instruction-text\">Arranje e lave os br\u00f3colos. Coza-os em \u00e1gua temperada com sal de modo a que fiquem &#8221;al dente&#8221;. Retire-os, passe-os por \u00e1gua fria e deixe-os escorrer.<\/span><\/div>\n<\/div>\n<\/li>\n<li class=\"wpurp-recipe-instruction\">\n<div class=\"wpurp-rows\">\n<div class=\"wpurp-rows-row\"><span class=\"wpurp-recipe-instruction-text\">Num tacho, derreta a margarina, junte a farinha e mexa at\u00e9 obter uma massa. Adicione depois o leite aos poucos, mexendo at\u00e9 obter um molho suave. Se necess\u00e1rio, junte mais um pouco de leite. Retire do lume e tempere com noz-moscada, sal e pimenta a gosto.<\/span><\/div>\n<\/div>\n<\/li>\n<li class=\"wpurp-recipe-instruction\">\n<div class=\"wpurp-rows\">\n<div class=\"wpurp-rows-row\"><span class=\"wpurp-recipe-instruction-text\">Ligue o forno a 180\u00b0 C. Disponha os br\u00f3colos num pirex, virados para cima, como v\u00ea na foto. Regue com o molho que preparou e polvilhe com o queijo ralado. Leve ao forno at\u00e9 que os br\u00f3colos fiquem coradinhos por cima, retire e sirva de imediato.<\/span><\/div>\n<\/div>\n<div><\/div>\n<\/li>\n<\/ol>\n<p>Bom apetite!<\/p>\n<p>Veja mais em <a href=\"https:\/\/www.ateti.pt\/loja\/categoria\/congelados\/legumes\/\">Legumes Congelados<\/a><\/p>\n","protected":false},"excerpt":{"rendered":"<p>2.30\u20ac\/KG<\/p>\n","protected":false},"featured_media":71840,"comment_status":"closed","ping_status":"closed","template":"","meta":{"_themeisle_gutenberg_block_has_review":false},"product_brand":[],"product_cat":[177,184],"product_tag":[],"woo-feed-brand":[],"class_list":{"0":"post-14525","1":"product","2":"type-product","3":"status-publish","4":"has-post-thumbnail","6":"product_cat-congelados","7":"product_cat-legumes","8":"ts_product_brand-frip","10":"first","11":"instock","12":"taxable","13":"shipping-taxable","14":"purchasable","15":"product-type-simple"},"_links":{"self":[{"href":"https:\/\/www.ateti.pt\/loja\/wp-json\/wp\/v2\/product\/14525","targetHints":{"allow":["GET"]}}],"collection":[{"href":"https:\/\/www.ateti.pt\/loja\/wp-json\/wp\/v2\/product"}],"about":[{"href":"https:\/\/www.ateti.pt\/loja\/wp-json\/wp\/v2\/types\/product"}],"replies":[{"embeddable":true,"href":"https:\/\/www.ateti.pt\/loja\/wp-json\/wp\/v2\/comments?post=14525"}],"wp:featuredmedia":[{"embeddable":true,"href":"https:\/\/www.ateti.pt\/loja\/wp-json\/wp\/v2\/media\/71840"}],"wp:attachment":[{"href":"https:\/\/www.ateti.pt\/loja\/wp-json\/wp\/v2\/media?parent=14525"}],"wp:term":[{"taxonomy":"product_brand","embeddable":true,"href":"https:\/\/www.ateti.pt\/loja\/wp-json\/wp\/v2\/product_brand?post=14525"},{"taxonomy":"product_cat","embeddable":true,"href":"https:\/\/www.ateti.pt\/loja\/wp-json\/wp\/v2\/product_cat?post=14525"},{"taxonomy":"product_tag","embeddable":true,"href":"https:\/\/www.ateti.pt\/loja\/wp-json\/wp\/v2\/product_tag?post=14525"},{"taxonomy":"woo-feed-brand","embeddable":true,"href":"https:\/\/www.ateti.pt\/loja\/wp-json\/wp\/v2\/woo-feed-brand?post=14525"}],"curies":[{"name":"wp","href":"https:\/\/api.w.org\/{rel}","templated":true}]}}