{"id":13907,"date":"2022-04-11T17:36:32","date_gmt":"2022-04-11T16:36:32","guid":{"rendered":"https:\/\/www.ateti.pt\/loja\/?post_type=product&#038;p=13907"},"modified":"2024-04-04T09:49:25","modified_gmt":"2024-04-04T09:49:25","slug":"bacon-extra-nacos-neutura-200gr","status":"publish","type":"product","link":"https:\/\/www.ateti.pt\/loja\/produto\/bacon-extra-nacos-neutura-200gr\/","title":{"rendered":"Bacon Extra Nacos Neutura 200g"},"content":{"rendered":"<p><strong>Bacon Extra Nacos Neutura 200g<\/strong><\/p>\n<p><strong>Quantidade:<\/strong> 200g<\/p>\n<p><strong>Caracter\u00edsticas:<\/strong><\/p>\n<p>Bacon Extra Nacos Neutura tem aspeto exterior pr\u00f3prio da pe\u00e7a de carne fresca utilizada, com\u00a0 uma colora\u00e7\u00e3o\u00a0 castanho-amarelada brilhante na face correspondente ao courato, e na face oposta uma colora\u00e7\u00e3o castanha-amarelada nas zonas predominantemente gordas e avermelhada nas restantes. No interior, e ap\u00f3s corte transversal, apresenta uma cor branca nacarada correspondente \u00e0 gordura, alternando com zonas avermelhadas-rosadas da carne<\/p>\n<p><strong>Consist\u00eancia: <\/strong>Firme e compacta<\/p>\n<p><strong>Ingredientes<\/strong><\/p>\n<p>Entremeada magra de su\u00edno, sal, dextrose, estabilizadores (E451, E450, E452), especiarias, antioxidante (E316), aroma e conservante (E250).<\/p>\n<p><strong><em>Informa\u00e7\u00e3o nutricional t\u00edpico por 100g de produto<\/em><\/strong><\/p>\n<p>Energia\u00a0\u00a0\u00a0\u00a0\u00a0\u00a0\u00a0\u00a0\u00a0\u00a0\u00a0\u00a0\u00a0\u00a0\u00a0\u00a0\u00a0\u00a0\u00a0\u00a0\u00a0\u00a0\u00a0\u00a0\u00a0\u00a0\u00a0\u00a0\u00a0\u00a0\u00a0\u00a0\u00a0\u00a0\u00a0\u00a0\u00a0\u00a0\u00a0\u00a0\u00a0\u00a0\u00a0\u00a0\u00a0\u00a0\u00a0\u00a0\u00a0\u00a0\u00a0\u00a0\u00a0\u00a0 875 kJ\/ 210 kcal<\/p>\n<p>L\u00edpidos\u00a0\u00a0\u00a0\u00a0\u00a0\u00a0\u00a0\u00a0\u00a0\u00a0\u00a0\u00a0\u00a0\u00a0\u00a0\u00a0\u00a0\u00a0\u00a0\u00a0\u00a0\u00a0\u00a0\u00a0\u00a0\u00a0\u00a0\u00a0\u00a0\u00a0\u00a0\u00a0\u00a0\u00a0\u00a0\u00a0\u00a0\u00a0\u00a0\u00a0\u00a0\u00a0\u00a0\u00a0\u00a0\u00a0\u00a0\u00a0\u00a0\u00a0\u00a0\u00a0\u00a0\u00a0\u00a0\u00a0\u00a0\u00a0\u00a0\u00a0\u00a0\u00a0\u00a0\u00a0\u00a0\u00a0\u00a0\u00a0\u00a0\u00a0\u00a0\u00a0 14 g<\/p>\n<p>dos quais Saturados\u00a0 \u00a0 \u00a0 \u00a0 \u00a0 \u00a0 \u00a0 \u00a0 \u00a0 \u00a0 \u00a0 \u00a0 \u00a0 \u00a0 \u00a0 \u00a0 \u00a0 \u00a0 \u00a0 \u00a0 \u00a0 \u00a0 \u00a0 \u00a0 \u00a05,1 g<\/p>\n<p>Hidratos de carbono\u00a0 \u00a0 \u00a0 \u00a0 \u00a0 \u00a0 \u00a0 \u00a0 \u00a0 \u00a0 \u00a0 \u00a0 \u00a0 \u00a0 \u00a0 \u00a0 \u00a0 \u00a0 \u00a0 \u00a0 \u00a0 \u00a0 \u00a0 \u00a02,0 g<\/p>\n<p>dos quais A\u00e7\u00facares\u00a0 \u00a0 \u00a0 \u00a0 \u00a0 \u00a0 \u00a0 \u00a0 \u00a0 \u00a0 \u00a0 \u00a0 \u00a0 \u00a0 \u00a0 \u00a0 \u00a0 \u00a0 \u00a0 \u00a0 \u00a0 \u00a0 \u00a0 \u00a0 \u00a0 1,0 g<\/p>\n<p>Prote\u00ednas\u00a0 \u00a0 \u00a0 \u00a0 \u00a0 \u00a0 \u00a0 \u00a0 \u00a0 \u00a0 \u00a0 \u00a0 \u00a0 \u00a0 \u00a0 \u00a0 \u00a0 \u00a0 \u00a0 \u00a0 \u00a0 \u00a0 \u00a0 \u00a0 \u00a0 \u00a0 \u00a0 \u00a0 \u00a0 \u00a0 \u00a0 \u00a0 \u00a0 \u00a0 19 g<\/p>\n<p>Sal\u00a0 \u00a0 \u00a0 \u00a0 \u00a0 \u00a0 \u00a0 \u00a0 \u00a0 \u00a0 \u00a0 \u00a0 \u00a0 \u00a0 \u00a0 \u00a0 \u00a0 \u00a0 \u00a0 \u00a0 \u00a0 \u00a0 \u00a0 \u00a0 \u00a0 \u00a0 \u00a0 \u00a0 \u00a0 \u00a0 \u00a0 \u00a0 \u00a0 \u00a0 \u00a0 \u00a0 \u00a0 \u00a0 \u00a0 2,5 g<\/p>\n<p>Veja mais em <a href=\"https:\/\/www.ateti.pt\/loja\/categoria\/refrigerados\/charcutaria\/\">Charcutaria<\/a><\/p>\n<p>Veja mais em <a href=\"https:\/\/neutura.pt\/\">Neutura<\/a><\/p>\n","protected":false},"excerpt":{"rendered":"<p>13.45\/Kg<\/p>\n","protected":false},"featured_media":34181,"comment_status":"open","ping_status":"closed","template":"","meta":{"_themeisle_gutenberg_block_has_review":false},"product_brand":[],"product_cat":[179,622],"product_tag":[],"woo-feed-brand":[],"class_list":{"0":"post-13907","1":"product","2":"type-product","3":"status-publish","4":"has-post-thumbnail","6":"product_cat-charcutaria","7":"product_cat-refrigerados","8":"ts_product_brand-neutura","10":"first","11":"instock","12":"taxable","13":"shipping-taxable","14":"purchasable","15":"product-type-simple"},"_links":{"self":[{"href":"https:\/\/www.ateti.pt\/loja\/wp-json\/wp\/v2\/product\/13907","targetHints":{"allow":["GET"]}}],"collection":[{"href":"https:\/\/www.ateti.pt\/loja\/wp-json\/wp\/v2\/product"}],"about":[{"href":"https:\/\/www.ateti.pt\/loja\/wp-json\/wp\/v2\/types\/product"}],"replies":[{"embeddable":true,"href":"https:\/\/www.ateti.pt\/loja\/wp-json\/wp\/v2\/comments?post=13907"}],"wp:featuredmedia":[{"embeddable":true,"href":"https:\/\/www.ateti.pt\/loja\/wp-json\/wp\/v2\/media\/34181"}],"wp:attachment":[{"href":"https:\/\/www.ateti.pt\/loja\/wp-json\/wp\/v2\/media?parent=13907"}],"wp:term":[{"taxonomy":"product_brand","embeddable":true,"href":"https:\/\/www.ateti.pt\/loja\/wp-json\/wp\/v2\/product_brand?post=13907"},{"taxonomy":"product_cat","embeddable":true,"href":"https:\/\/www.ateti.pt\/loja\/wp-json\/wp\/v2\/product_cat?post=13907"},{"taxonomy":"product_tag","embeddable":true,"href":"https:\/\/www.ateti.pt\/loja\/wp-json\/wp\/v2\/product_tag?post=13907"},{"taxonomy":"woo-feed-brand","embeddable":true,"href":"https:\/\/www.ateti.pt\/loja\/wp-json\/wp\/v2\/woo-feed-brand?post=13907"}],"curies":[{"name":"wp","href":"https:\/\/api.w.org\/{rel}","templated":true}]}}