{"id":13326,"date":"2025-01-15T09:03:49","date_gmt":"2025-01-15T09:03:49","guid":{"rendered":"https:\/\/www.ateti.pt\/loja\/?post_type=product&#038;p=13326"},"modified":"2026-02-10T16:49:09","modified_gmt":"2026-02-10T16:49:09","slug":"compal-vital-frutos-vermelhos-330ml","status":"publish","type":"product","link":"https:\/\/www.ateti.pt\/loja\/produto\/compal-vital-frutos-vermelhos-330ml\/","title":{"rendered":"Sumo Vital Frutos Vermelhos 300mL Compal"},"content":{"rendered":"<p><strong>Compal Vital Frutos Vermelhos<\/strong><\/p>\n<h5>Descri\u00e7\u00e3o:<\/h5>\n<p>Mantendo o sabor \u00fanico das suas combina\u00e7\u00f5es de fruta, agora o n\u00e9ctar Compal Vital Frutos Vermelhos \u00e9 ainda mais natural. Ap\u00f3s muita pesquisa e experimenta\u00e7\u00e3o conseguimos ado\u00e7ar a gama Compal Vital recorrendo apenas ao extrato da folha de Stevia, uma planta origin\u00e1ria da Am\u00e9rica do Sul com uma extraordin\u00e1ria capacidade ado\u00e7ante que torna poss\u00edvel criarmos n\u00e9ctares deliciosos. Compal Vital \u00e9 a primeira gama de bebidas em Portugal com metade das calorias e ado\u00e7ada s\u00f3 com Stevia, um ingrediente 100% natural.<\/p>\n<p>Quantidade: 330mL<\/p>\n<div class=\"ingridients__item\">\n<p><strong>Ingredientes: <\/strong>\u00c1gua, sumos de uva tinta (12%), ma\u00e7\u00e3 (9%), framboesa (6%), groselha (5%), morango (4%) e arando (4%): \u00e0 base de concentrados e edulcorante: glicos\u00eddeos de esteviol.<\/p>\n<\/div>\n<div class=\"ingridients__item\">\n<p><strong>Valores Nutricionais:<\/strong><\/p>\n<div class=\"ingridients__table\">\n<table width=\"100%\">\n<tbody>\n<tr>\n<th><\/th>\n<th>Por 100 ML<\/th>\n<th>Por\u00e7\u00e3o 200 ML<\/th>\n<\/tr>\n<tr>\n<td>Valor Energ\u00e9tico<\/td>\n<td>73 KJ (18 kcal)<\/td>\n<td>146 KJ (36 kcal)<\/td>\n<\/tr>\n<tr>\n<td>L\u00edpidos<\/td>\n<td>&lt; 0.50g<\/td>\n<td>&lt; 0.50g<\/td>\n<\/tr>\n<tr>\n<td>dos quais saturados<\/td>\n<td>&lt; 0.10g<\/td>\n<td>&lt; 0.10g<\/td>\n<\/tr>\n<tr>\n<td>Hidratos de Carbono<\/td>\n<td>4.40g<\/td>\n<td>8.80g<\/td>\n<\/tr>\n<tr>\n<td>dos quais a\u00e7\u00facares<\/td>\n<td>3.60g<\/td>\n<td>7.20g<\/td>\n<\/tr>\n<tr>\n<td>Prote\u00ednas<\/td>\n<td>&lt; 0.50g<\/td>\n<td>&lt; 0.50g<\/td>\n<\/tr>\n<tr>\n<td>Sal<\/td>\n<td>&lt; 0.01g<\/td>\n<td>0.01g<\/td>\n<\/tr>\n<\/tbody>\n<\/table>\n<div class=\"nutritional-information__legenda\">*Valor de Refer\u00eancia do Nutriente<\/div>\n<\/div>\n<\/div>\n<div><\/div>\n<div class=\"ingridients__item\"><strong>Conserva\u00e7\u00e3o: <\/strong>Uma vez aberto conservar no frigor\u00edfico.<\/div>\n<div><\/div>\n<div class=\"ingridients__item\"><strong>Outras informa\u00e7\u00f5es: <\/strong>Teor de frutos: no m\u00ednimo 40%. Baixas Calorias.<\/div>\n<div><\/div>\n<div>Veja mais em <a href=\"https:\/\/www.ateti.pt\/loja\/categoria\/bebidas\/sumos\/\">Sumos<\/a><\/div>\n<p>&nbsp;<\/p>\n","protected":false},"excerpt":{"rendered":"<p>2.27\u20ac\/Litro<\/p>\n","protected":false},"featured_media":60581,"comment_status":"closed","ping_status":"closed","template":"","meta":{"_themeisle_gutenberg_block_has_review":false},"product_brand":[],"product_cat":[158,159],"product_tag":[],"woo-feed-brand":[],"class_list":{"0":"post-13326","1":"product","2":"type-product","3":"status-publish","4":"has-post-thumbnail","6":"product_cat-bebidas","7":"product_cat-sumos","8":"ts_product_brand-compal","10":"first","11":"instock","12":"taxable","13":"shipping-taxable","14":"purchasable","15":"product-type-simple"},"_links":{"self":[{"href":"https:\/\/www.ateti.pt\/loja\/wp-json\/wp\/v2\/product\/13326","targetHints":{"allow":["GET"]}}],"collection":[{"href":"https:\/\/www.ateti.pt\/loja\/wp-json\/wp\/v2\/product"}],"about":[{"href":"https:\/\/www.ateti.pt\/loja\/wp-json\/wp\/v2\/types\/product"}],"replies":[{"embeddable":true,"href":"https:\/\/www.ateti.pt\/loja\/wp-json\/wp\/v2\/comments?post=13326"}],"wp:featuredmedia":[{"embeddable":true,"href":"https:\/\/www.ateti.pt\/loja\/wp-json\/wp\/v2\/media\/60581"}],"wp:attachment":[{"href":"https:\/\/www.ateti.pt\/loja\/wp-json\/wp\/v2\/media?parent=13326"}],"wp:term":[{"taxonomy":"product_brand","embeddable":true,"href":"https:\/\/www.ateti.pt\/loja\/wp-json\/wp\/v2\/product_brand?post=13326"},{"taxonomy":"product_cat","embeddable":true,"href":"https:\/\/www.ateti.pt\/loja\/wp-json\/wp\/v2\/product_cat?post=13326"},{"taxonomy":"product_tag","embeddable":true,"href":"https:\/\/www.ateti.pt\/loja\/wp-json\/wp\/v2\/product_tag?post=13326"},{"taxonomy":"woo-feed-brand","embeddable":true,"href":"https:\/\/www.ateti.pt\/loja\/wp-json\/wp\/v2\/woo-feed-brand?post=13326"}],"curies":[{"name":"wp","href":"https:\/\/api.w.org\/{rel}","templated":true}]}}