{"id":13181,"date":"2023-11-08T00:53:44","date_gmt":"2023-11-07T23:53:44","guid":{"rendered":"https:\/\/www.ateti.pt\/loja\/?post_type=product&#038;p=13181"},"modified":"2026-02-05T16:36:26","modified_gmt":"2026-02-05T16:36:26","slug":"nutella-200gr","status":"publish","type":"product","link":"https:\/\/www.ateti.pt\/loja\/produto\/nutella-200gr\/","title":{"rendered":"Nutella 200g"},"content":{"rendered":"<h5>Nutella<\/h5>\n<p>Quantidade: 200g<\/p>\n<p>Cada frasco de Nutella<sup>\u00ae<\/sup>\u00a0cont\u00e9m 7 ingredientes de qualidade, cuidadosamente selecionados, apenas e s\u00f3. A Nutella<sup>\u00ae<\/sup>\u00a0\u00e9 famosa pela autenticidade do seu sabor a avel\u00e3s e cacau, ainda mais irresist\u00edvel pela sua singular cremosidade. O seu sabor \u00e9 t\u00e3o delicioso que uma \u00fanica colherada pode representar puro prazer. Com uma faca de barrar, p\u00f5e 15 gramas de Nutella<sup>\u00ae<\/sup>, o equivalente a uma colher de ch\u00e1, numa fatia de p\u00e3o, e saboreia a deliciosa experi\u00eancia. Prova, barra e aprecia o teu pequeno-almo\u00e7o.<\/p>\n<p><strong>Ingredientes:\u00a0<\/strong>A\u00e7\u00facar, gordura de palma,\u00a0<strong>avel\u00e3s<\/strong>\u00a0(1 3%),\u00a0<strong>leite<\/strong>\u00a0desnatado em p\u00f3 (8,7 %), cacau magro (7,4 %), emulsionantes: lecitina (<strong>soja<\/strong>), vanilina.<\/p>\n<div>\n<div class=\"key\"><strong>Valores Nutricionais: <\/strong>Energia:2252 kJ | 539 kcal;L\u00edpidos:30.9 g, dos quais saturados:10.6 g; Hidratos de carbono:57.5 g, dos quais a\u00e7\u00facares: 56.3 g; Prote\u00edna: 6.3 g; Sal: 0.107 g.<\/div>\n<\/div>\n<div><\/div>\n<div>Sugest\u00e3o de receita<\/div>\n<h5>Bolachas com Nutella<\/h5>\n<p><strong>Ingredientes:<\/strong><\/p>\n<div class=\"field field--name-ingredients field--type-text field--label-hidden field__item\">\n<p>250 g de manteiga amolecida<\/p>\n<\/div>\n<div class=\"field field--name-ingredients field--type-text field--label-hidden field__item\">\n<p>150 g de a\u00e7\u00facar ingl\u00eas<\/p>\n<\/div>\n<div class=\"field field--name-ingredients field--type-text field--label-hidden field__item\">\n<p>500 g de farinha<\/p>\n<\/div>\n<div class=\"field field--name-ingredients field--type-text field--label-hidden field__item\">\n<p>1 ovo<\/p>\n<\/div>\n<div class=\"field field--name-ingredients field--type-text field--label-hidden field__item\">\n<p>1 vagem de baunilha<\/p>\n<\/div>\n<div class=\"field field--name-ingredients field--type-text field--label-hidden field__item\">\n<p>1 pitada de sal<\/p>\n<\/div>\n<div class=\"field field--name-ingredients field--type-text field--label-hidden field__item\">\n<p>200 g de Nutella<sup>\u00ae<\/sup><\/p>\n<p><strong>Prepara\u00e7\u00e3o:<\/strong><\/p>\n<p>Corte a vagem de baunilha com uma faca e retire as sementes. Numa tigela, misture a manteiga, o a\u00e7\u00facar ingl\u00eas, o ovo, as sementes de baunilha e o sal. Mexa at\u00e9 todos os ingredientes estarem bem misturados, mas n\u00e3o misture demasiado.<\/p>\n<p>Adicione a farinha peneirada e misture de novo brevemente. Fa\u00e7a uma bola com esta mistura, envolva-a com pel\u00edcula aderente e deixe a massa repousar durante 1 hora no frigor\u00edfico.<\/p>\n<p>Retire a massa do frigor\u00edfico e corte-a em duas partes com uma faca. Estenda cada uma delas numa folha de papel vegetal, at\u00e9 obter uma espessura de 3 mm.<\/p>\n<p>Guarde as duas camadas no frigor\u00edfico durante, pelo menos, 10 minutos (o ideal seria 1 hora). Retire as duas camadas do frigor\u00edfico.<\/p>\n<p>Com um molde, usando uma das partes da massa, fa\u00e7a bolachas de 6 cm de di\u00e2metro para criar as bases. Com o mesmo molde, usando a segunda parte da massa, fa\u00e7a os topos das bolachas. Com moldes mais pequenos de uma forma diferente, recorte uma forma do centro de cada um dos topos das bolachas.<\/p>\n<p>Coza no forno a 180 \u00b0C na prateleira do meio durante 8-10 minutos. Retire do forno e deixe arrefecer.<\/p>\n<p>Com uma manga de pasteleiro, deite 8 g de Nutella<sup>\u00ae<\/sup>\u00a0em cada bolacha sem orif\u00edcio.<\/p>\n<p>Depois, cubra as bolachas com os topos, pressionando levemente para que a Nutella<sup>\u00ae<\/sup>\u00a0sobressaia ligeiramente pelo orif\u00edcio central.<\/p>\n<p>Bom apetite!<\/p>\n<p>Veja mais em <a href=\"https:\/\/www.ateti.pt\/loja\/categoria\/mercearia\/chocolates-biscoitos-e-cereais\/chocolates\/\">Chocolates e Doces<\/a><\/p>\n<\/div>\n","protected":false},"excerpt":{"rendered":"<p>13.95\u20ac\/kg<\/p>\n","protected":false},"featured_media":57027,"comment_status":"closed","ping_status":"closed","template":"","meta":{"_themeisle_gutenberg_block_has_review":false},"product_brand":[],"product_cat":[25,144,132],"product_tag":[],"woo-feed-brand":[],"class_list":{"0":"post-13181","1":"product","2":"type-product","3":"status-publish","4":"has-post-thumbnail","6":"product_cat-chocolates","7":"product_cat-chocolates-biscoitos-e-cereais","8":"product_cat-mercearia","9":"ts_product_brand-nutella","11":"first","12":"instock","13":"sale","14":"taxable","15":"shipping-taxable","16":"purchasable","17":"product-type-simple"},"_links":{"self":[{"href":"https:\/\/www.ateti.pt\/loja\/wp-json\/wp\/v2\/product\/13181","targetHints":{"allow":["GET"]}}],"collection":[{"href":"https:\/\/www.ateti.pt\/loja\/wp-json\/wp\/v2\/product"}],"about":[{"href":"https:\/\/www.ateti.pt\/loja\/wp-json\/wp\/v2\/types\/product"}],"replies":[{"embeddable":true,"href":"https:\/\/www.ateti.pt\/loja\/wp-json\/wp\/v2\/comments?post=13181"}],"wp:featuredmedia":[{"embeddable":true,"href":"https:\/\/www.ateti.pt\/loja\/wp-json\/wp\/v2\/media\/57027"}],"wp:attachment":[{"href":"https:\/\/www.ateti.pt\/loja\/wp-json\/wp\/v2\/media?parent=13181"}],"wp:term":[{"taxonomy":"product_brand","embeddable":true,"href":"https:\/\/www.ateti.pt\/loja\/wp-json\/wp\/v2\/product_brand?post=13181"},{"taxonomy":"product_cat","embeddable":true,"href":"https:\/\/www.ateti.pt\/loja\/wp-json\/wp\/v2\/product_cat?post=13181"},{"taxonomy":"product_tag","embeddable":true,"href":"https:\/\/www.ateti.pt\/loja\/wp-json\/wp\/v2\/product_tag?post=13181"},{"taxonomy":"woo-feed-brand","embeddable":true,"href":"https:\/\/www.ateti.pt\/loja\/wp-json\/wp\/v2\/woo-feed-brand?post=13181"}],"curies":[{"name":"wp","href":"https:\/\/api.w.org\/{rel}","templated":true}]}}